{"id":482,"date":"2024-04-23T10:18:06","date_gmt":"2024-04-23T08:18:06","guid":{"rendered":"https:\/\/consultoria.apdigroup.com\/?page_id=482"},"modified":"2026-05-27T16:39:42","modified_gmt":"2026-05-27T14:39:42","slug":"proyectos","status":"publish","type":"page","link":"https:\/\/consultoria.apdigroup.com\/en\/proyectos\/","title":{"rendered":"Projects"},"content":{"rendered":"<div data-elementor-type=\"wp-page\" data-elementor-id=\"482\" class=\"elementor elementor-482\" data-elementor-post-type=\"page\">\n\t\t\t\t<div class=\"elementor-element elementor-element-dcc2ef9 e-flex e-con-boxed e-con e-parent\" data-id=\"dcc2ef9\" data-element_type=\"container\" data-e-type=\"container\" data-settings=\"{&quot;background_background&quot;:&quot;classic&quot;}\">\n\t\t\t\t\t<div class=\"e-con-inner\">\n\t\t<div class=\"elementor-element elementor-element-f0cf6a9 e-con-full e-flex e-con e-child\" data-id=\"f0cf6a9\" data-element_type=\"container\" data-e-type=\"container\">\n\t\t\t\t<div class=\"elementor-element elementor-element-3d97742 elementor-widget elementor-widget-heading\" data-id=\"3d97742\" data-element_type=\"widget\" data-e-type=\"widget\" data-widget_type=\"heading.default\">\n\t\t\t\t<div class=\"elementor-widget-container\">\n\t\t\t\t\t<h1 class=\"elementor-heading-title elementor-size-default\">PROJECTS<\/h1>\t\t\t\t<\/div>\n\t\t\t\t<\/div>\n\t\t\t\t<div class=\"elementor-element elementor-element-6a426f4 elementor-widget elementor-widget-heading\" data-id=\"6a426f4\" data-element_type=\"widget\" data-e-type=\"widget\" data-widget_type=\"heading.default\">\n\t\t\t\t<div class=\"elementor-widget-container\">\n\t\t\t\t\t<h2 class=\"elementor-heading-title elementor-size-default\">What we have done so far<\/h2>\t\t\t\t<\/div>\n\t\t\t\t<\/div>\n\t\t\t\t<\/div>\n\t\t\t\t\t<\/div>\n\t\t\t\t<\/div>\n\t\t<div class=\"elementor-element elementor-element-ad6009a e-flex e-con-boxed e-con e-parent\" data-id=\"ad6009a\" data-element_type=\"container\" data-e-type=\"container\" data-settings=\"{&quot;background_background&quot;:&quot;classic&quot;}\">\n\t\t\t\t\t<div class=\"e-con-inner\">\n\t\t<div class=\"elementor-element elementor-element-e0afecb e-con-full e-flex e-con e-child\" data-id=\"e0afecb\" data-element_type=\"container\" data-e-type=\"container\" data-settings=\"{&quot;background_background&quot;:&quot;classic&quot;}\">\n\t\t\t\t<div class=\"elementor-element elementor-element-9a3069a elementor-widget elementor-widget-image\" data-id=\"9a3069a\" data-element_type=\"widget\" data-e-type=\"widget\" data-widget_type=\"image.default\">\n\t\t\t\t<div class=\"elementor-widget-container\">\n\t\t\t\t\t\t\t\t\t\t\t\t\t\t\t<img fetchpriority=\"high\" decoding=\"async\" width=\"600\" height=\"400\" src=\"https:\/\/consultoria.apdigroup.com\/wp-content\/uploads\/2024\/05\/3-1.png\" class=\"attachment-large size-large wp-image-728\" alt=\"\" srcset=\"https:\/\/consultoria.apdigroup.com\/wp-content\/uploads\/2024\/05\/3-1.png 600w, https:\/\/consultoria.apdigroup.com\/wp-content\/uploads\/2024\/05\/3-1-300x200.png 300w\" sizes=\"(max-width: 600px) 100vw, 600px\" \/>\t\t\t\t\t\t\t\t\t\t\t\t\t\t\t<\/div>\n\t\t\t\t<\/div>\n\t\t\t\t<div class=\"elementor-element elementor-element-b499456 elementor-widget elementor-widget-heading\" data-id=\"b499456\" data-element_type=\"widget\" data-e-type=\"widget\" data-widget_type=\"heading.default\">\n\t\t\t\t<div class=\"elementor-widget-container\">\n\t\t\t\t\t<h2 class=\"elementor-heading-title elementor-size-default\">ARTTINO - Traditional Industry, New Opportunity<\/h2>\t\t\t\t<\/div>\n\t\t\t\t<\/div>\n\t\t\t\t<div class=\"elementor-element elementor-element-6bd6728 elementor-widget elementor-widget-text-editor\" data-id=\"6bd6728\" data-element_type=\"widget\" data-e-type=\"widget\" data-widget_type=\"text-editor.default\">\n\t\t\t\t<div class=\"elementor-widget-container\">\n\t\t\t\t\t\t\t\t\t<p>This project aims to promote traditional ceramic craftsmanship by supporting vocational training, Spanish art schools, and occupational education. It also seeks to foster employment in this specialty and preserve European cultural heritage, as exemplified by the company Fajalauza.<\/p>\t\t\t\t\t\t\t\t<\/div>\n\t\t\t\t<\/div>\n\t\t\t\t<\/div>\n\t\t<div class=\"elementor-element elementor-element-36bc8dd e-con-full e-flex e-con e-child\" data-id=\"36bc8dd\" data-element_type=\"container\" data-e-type=\"container\" data-settings=\"{&quot;background_background&quot;:&quot;classic&quot;}\">\n\t\t\t\t<div class=\"elementor-element elementor-element-204b92f elementor-widget elementor-widget-image\" data-id=\"204b92f\" data-element_type=\"widget\" data-e-type=\"widget\" data-widget_type=\"image.default\">\n\t\t\t\t<div class=\"elementor-widget-container\">\n\t\t\t\t\t\t\t\t\t\t\t\t\t\t\t<img decoding=\"async\" width=\"600\" height=\"400\" src=\"https:\/\/consultoria.apdigroup.com\/wp-content\/uploads\/2024\/05\/2-1.png\" class=\"attachment-large size-large wp-image-738\" alt=\"\" srcset=\"https:\/\/consultoria.apdigroup.com\/wp-content\/uploads\/2024\/05\/2-1.png 600w, https:\/\/consultoria.apdigroup.com\/wp-content\/uploads\/2024\/05\/2-1-300x200.png 300w\" sizes=\"(max-width: 600px) 100vw, 600px\" \/>\t\t\t\t\t\t\t\t\t\t\t\t\t\t\t<\/div>\n\t\t\t\t<\/div>\n\t\t\t\t<div class=\"elementor-element elementor-element-ffe6538 elementor-widget elementor-widget-heading\" data-id=\"ffe6538\" data-element_type=\"widget\" data-e-type=\"widget\" data-widget_type=\"heading.default\">\n\t\t\t\t<div class=\"elementor-widget-container\">\n\t\t\t\t\t<h2 class=\"elementor-heading-title elementor-size-default\">BRAIN - BRingin Stem into Active aging<\/h2>\t\t\t\t<\/div>\n\t\t\t\t<\/div>\n\t\t\t\t<div class=\"elementor-element elementor-element-53a0b56 elementor-widget elementor-widget-text-editor\" data-id=\"53a0b56\" data-element_type=\"widget\" data-e-type=\"widget\" data-widget_type=\"text-editor.default\">\n\t\t\t\t<div class=\"elementor-widget-container\">\n\t\t\t\t\t\t\t\t\t<p>BRAIN is a project whose objective is to train Scientific Researchers to transmit scientific knowledge and skills to Older People, involving them in an active aging process, as well as assuming an active educational role towards their peers and the rest of the population, which will favor their social inclusion.<\/p>\t\t\t\t\t\t\t\t<\/div>\n\t\t\t\t<\/div>\n\t\t\t\t<\/div>\n\t\t<div class=\"elementor-element elementor-element-48e69de e-con-full e-flex e-con e-child\" data-id=\"48e69de\" data-element_type=\"container\" data-e-type=\"container\" data-settings=\"{&quot;background_background&quot;:&quot;classic&quot;}\">\n\t\t\t\t<div class=\"elementor-element elementor-element-de2744e elementor-widget elementor-widget-image\" data-id=\"de2744e\" data-element_type=\"widget\" data-e-type=\"widget\" data-widget_type=\"image.default\">\n\t\t\t\t<div class=\"elementor-widget-container\">\n\t\t\t\t\t\t\t\t\t\t\t\t\t\t\t<img decoding=\"async\" width=\"600\" height=\"400\" src=\"https:\/\/consultoria.apdigroup.com\/wp-content\/uploads\/2024\/05\/6.png\" class=\"attachment-large size-large wp-image-742\" alt=\"\" srcset=\"https:\/\/consultoria.apdigroup.com\/wp-content\/uploads\/2024\/05\/6.png 600w, https:\/\/consultoria.apdigroup.com\/wp-content\/uploads\/2024\/05\/6-300x200.png 300w\" sizes=\"(max-width: 600px) 100vw, 600px\" \/>\t\t\t\t\t\t\t\t\t\t\t\t\t\t\t<\/div>\n\t\t\t\t<\/div>\n\t\t\t\t<div class=\"elementor-element elementor-element-8eff5f3 elementor-widget elementor-widget-heading\" data-id=\"8eff5f3\" data-element_type=\"widget\" data-e-type=\"widget\" data-widget_type=\"heading.default\">\n\t\t\t\t<div class=\"elementor-widget-container\">\n\t\t\t\t\t<h2 class=\"elementor-heading-title elementor-size-default\">EQUALITY - New E-Tools to Develop Skills and a Strengthened Culture of Gender Equality within Municipal Administrations<\/h2>\t\t\t\t<\/div>\n\t\t\t\t<\/div>\n\t\t\t\t<div class=\"elementor-element elementor-element-2b0ed6d elementor-widget elementor-widget-text-editor\" data-id=\"2b0ed6d\" data-element_type=\"widget\" data-e-type=\"widget\" data-widget_type=\"text-editor.default\">\n\t\t\t\t<div class=\"elementor-widget-container\">\n\t\t\t\t\t\t\t\t\t<p>The E-QUALITY project aims to address the need for gender equality in municipalities by creating a new training plan for public bodies and developing an interactive digital platform and guidelines to achieve gender equality.<\/p>\t\t\t\t\t\t\t\t<\/div>\n\t\t\t\t<\/div>\n\t\t\t\t<\/div>\n\t\t<div class=\"elementor-element elementor-element-a1e9da1 e-con-full e-flex e-con e-child\" data-id=\"a1e9da1\" data-element_type=\"container\" data-e-type=\"container\" data-settings=\"{&quot;background_background&quot;:&quot;classic&quot;}\">\n\t\t\t\t<div class=\"elementor-element elementor-element-76cfeb0 elementor-widget elementor-widget-image\" data-id=\"76cfeb0\" data-element_type=\"widget\" data-e-type=\"widget\" data-widget_type=\"image.default\">\n\t\t\t\t<div class=\"elementor-widget-container\">\n\t\t\t\t\t\t\t\t\t\t\t\t\t\t\t<img loading=\"lazy\" decoding=\"async\" width=\"600\" height=\"400\" src=\"https:\/\/consultoria.apdigroup.com\/wp-content\/uploads\/2024\/05\/3-2.png\" class=\"attachment-large size-large wp-image-739\" alt=\"\" srcset=\"https:\/\/consultoria.apdigroup.com\/wp-content\/uploads\/2024\/05\/3-2.png 600w, https:\/\/consultoria.apdigroup.com\/wp-content\/uploads\/2024\/05\/3-2-300x200.png 300w\" sizes=\"(max-width: 600px) 100vw, 600px\" \/>\t\t\t\t\t\t\t\t\t\t\t\t\t\t\t<\/div>\n\t\t\t\t<\/div>\n\t\t\t\t<div class=\"elementor-element elementor-element-ad58716 elementor-widget elementor-widget-heading\" data-id=\"ad58716\" data-element_type=\"widget\" data-e-type=\"widget\" data-widget_type=\"heading.default\">\n\t\t\t\t<div class=\"elementor-widget-container\">\n\t\t\t\t\t<h2 class=\"elementor-heading-title elementor-size-default\">CRAFTGEN - Virtual e-learning for Adult Education<\/h2>\t\t\t\t<\/div>\n\t\t\t\t<\/div>\n\t\t\t\t<div class=\"elementor-element elementor-element-f97d987 elementor-widget elementor-widget-text-editor\" data-id=\"f97d987\" data-element_type=\"widget\" data-e-type=\"widget\" data-widget_type=\"text-editor.default\">\n\t\t\t\t<div class=\"elementor-widget-container\">\n\t\t\t\t\t\t\t\t\t<p>The project focuses on improving quality of life, promoting cultural diversity, and fostering active citizenship through arts and cultural education. It includes exchanges of experiences between Spain and Poland, using crafts as a means to promote cooperation and mutual respect between generations.<\/p>\t\t\t\t\t\t\t\t<\/div>\n\t\t\t\t<\/div>\n\t\t\t\t<\/div>\n\t\t<div class=\"elementor-element elementor-element-2984e89 e-con-full e-flex e-con e-child\" data-id=\"2984e89\" data-element_type=\"container\" data-e-type=\"container\" data-settings=\"{&quot;background_background&quot;:&quot;classic&quot;}\">\n\t\t\t\t<div class=\"elementor-element elementor-element-4433e0f elementor-widget elementor-widget-image\" data-id=\"4433e0f\" data-element_type=\"widget\" data-e-type=\"widget\" data-widget_type=\"image.default\">\n\t\t\t\t<div class=\"elementor-widget-container\">\n\t\t\t\t\t\t\t\t\t\t\t\t\t\t\t<img loading=\"lazy\" decoding=\"async\" width=\"600\" height=\"400\" src=\"https:\/\/consultoria.apdigroup.com\/wp-content\/uploads\/2024\/05\/4-1.png\" class=\"attachment-large size-large wp-image-740\" alt=\"\" srcset=\"https:\/\/consultoria.apdigroup.com\/wp-content\/uploads\/2024\/05\/4-1.png 600w, https:\/\/consultoria.apdigroup.com\/wp-content\/uploads\/2024\/05\/4-1-300x200.png 300w\" sizes=\"(max-width: 600px) 100vw, 600px\" \/>\t\t\t\t\t\t\t\t\t\t\t\t\t\t\t<\/div>\n\t\t\t\t<\/div>\n\t\t\t\t<div class=\"elementor-element elementor-element-93acd90 elementor-widget elementor-widget-heading\" data-id=\"93acd90\" data-element_type=\"widget\" data-e-type=\"widget\" data-widget_type=\"heading.default\">\n\t\t\t\t<div class=\"elementor-widget-container\">\n\t\t\t\t\t<h2 class=\"elementor-heading-title elementor-size-default\">DEAFMEDIA - Media, Reliable Information and Deaf People in Europe 2020<\/h2>\t\t\t\t<\/div>\n\t\t\t\t<\/div>\n\t\t\t\t<div class=\"elementor-element elementor-element-d520a42 elementor-widget elementor-widget-text-editor\" data-id=\"d520a42\" data-element_type=\"widget\" data-e-type=\"widget\" data-widget_type=\"text-editor.default\">\n\t\t\t\t<div class=\"elementor-widget-container\">\n\t\t\t\t\t\t\t\t\t<p>The project aims to promote communication spaces and access to real-time information in sign language, empowering deaf people to play a leading role by translating this information live. It also seeks to offer them employment and development opportunities.<\/p>\t\t\t\t\t\t\t\t<\/div>\n\t\t\t\t<\/div>\n\t\t\t\t<\/div>\n\t\t<div class=\"elementor-element elementor-element-24c8a80 e-con-full e-flex e-con e-child\" data-id=\"24c8a80\" data-element_type=\"container\" data-e-type=\"container\" data-settings=\"{&quot;background_background&quot;:&quot;classic&quot;}\">\n\t\t\t\t<div class=\"elementor-element elementor-element-f5e25db elementor-widget elementor-widget-image\" data-id=\"f5e25db\" data-element_type=\"widget\" data-e-type=\"widget\" data-widget_type=\"image.default\">\n\t\t\t\t<div class=\"elementor-widget-container\">\n\t\t\t\t\t\t\t\t\t\t\t\t\t\t\t<img loading=\"lazy\" decoding=\"async\" width=\"600\" height=\"400\" src=\"https:\/\/consultoria.apdigroup.com\/wp-content\/uploads\/2024\/05\/8.png\" class=\"attachment-large size-large wp-image-744\" alt=\"\" srcset=\"https:\/\/consultoria.apdigroup.com\/wp-content\/uploads\/2024\/05\/8.png 600w, https:\/\/consultoria.apdigroup.com\/wp-content\/uploads\/2024\/05\/8-300x200.png 300w\" sizes=\"(max-width: 600px) 100vw, 600px\" \/>\t\t\t\t\t\t\t\t\t\t\t\t\t\t\t<\/div>\n\t\t\t\t<\/div>\n\t\t\t\t<div class=\"elementor-element elementor-element-799fbdf elementor-widget elementor-widget-heading\" data-id=\"799fbdf\" data-element_type=\"widget\" data-e-type=\"widget\" data-widget_type=\"heading.default\">\n\t\t\t\t<div class=\"elementor-widget-container\">\n\t\t\t\t\t<h2 class=\"elementor-heading-title elementor-size-default\">HAPPY GREEN CHILDREN - Alegro &amp; Verde - Recycling Childhood<\/h2>\t\t\t\t<\/div>\n\t\t\t\t<\/div>\n\t\t\t\t<div class=\"elementor-element elementor-element-59166ca elementor-widget elementor-widget-text-editor\" data-id=\"59166ca\" data-element_type=\"widget\" data-e-type=\"widget\" data-widget_type=\"text-editor.default\">\n\t\t\t\t<div class=\"elementor-widget-container\">\n\t\t\t\t\t\t\t\t\t<p>This project aims to foster environmental awareness in rural communities, emphasizing the importance of respecting nature from childhood. The impact of recycling on adults&#039; daily lives will be measured, and ecological values will be integrated into all activities. Furthermore, teachers, administrators, and families will be educated about climate change and sustainable development, particularly in rural areas, which face significant challenges and are often excluded from important decision-making.<\/p>\t\t\t\t\t\t\t\t<\/div>\n\t\t\t\t<\/div>\n\t\t\t\t<\/div>\n\t\t<div class=\"elementor-element elementor-element-931fb96 e-con-full e-flex e-con e-child\" data-id=\"931fb96\" data-element_type=\"container\" data-e-type=\"container\" data-settings=\"{&quot;background_background&quot;:&quot;classic&quot;}\">\n\t\t\t\t<div class=\"elementor-element elementor-element-b84096e elementor-widget elementor-widget-image\" data-id=\"b84096e\" data-element_type=\"widget\" data-e-type=\"widget\" data-widget_type=\"image.default\">\n\t\t\t\t<div class=\"elementor-widget-container\">\n\t\t\t\t\t\t\t\t\t\t\t\t\t\t\t<img loading=\"lazy\" decoding=\"async\" width=\"600\" height=\"400\" src=\"https:\/\/consultoria.apdigroup.com\/wp-content\/uploads\/2024\/05\/2.png\" class=\"attachment-large size-large wp-image-727\" alt=\"\" srcset=\"https:\/\/consultoria.apdigroup.com\/wp-content\/uploads\/2024\/05\/2.png 600w, https:\/\/consultoria.apdigroup.com\/wp-content\/uploads\/2024\/05\/2-300x200.png 300w\" sizes=\"(max-width: 600px) 100vw, 600px\" \/>\t\t\t\t\t\t\t\t\t\t\t\t\t\t\t<\/div>\n\t\t\t\t<\/div>\n\t\t\t\t<div class=\"elementor-element elementor-element-19ea772 elementor-widget elementor-widget-heading\" data-id=\"19ea772\" data-element_type=\"widget\" data-e-type=\"widget\" data-widget_type=\"heading.default\">\n\t\t\t\t<div class=\"elementor-widget-container\">\n\t\t\t\t\t<h2 class=\"elementor-heading-title elementor-size-default\">HOME ECOLOGY - Innovative and Home Ecology<\/h2>\t\t\t\t<\/div>\n\t\t\t\t<\/div>\n\t\t\t\t<div class=\"elementor-element elementor-element-db23dde elementor-widget elementor-widget-text-editor\" data-id=\"db23dde\" data-element_type=\"widget\" data-e-type=\"widget\" data-widget_type=\"text-editor.default\">\n\t\t\t\t<div class=\"elementor-widget-container\">\n\t\t\t\t\t\t\t\t\t<p>This project aims to raise awareness among young people about innovative eco-friendly solutions from various European countries, focusing on the use of common herbs in cooking, cosmetics, and medicine. It highlights the benefits and efficiency of growing fresh herbs, their multiple uses in daily life, and their positive health effects. The project also includes an educational board game, interactive workshops, and urban games to encourage participant engagement.<\/p>\t\t\t\t\t\t\t\t<\/div>\n\t\t\t\t<\/div>\n\t\t\t\t<\/div>\n\t\t<div class=\"elementor-element elementor-element-30283cb e-con-full e-flex e-con e-child\" data-id=\"30283cb\" data-element_type=\"container\" data-e-type=\"container\" data-settings=\"{&quot;background_background&quot;:&quot;classic&quot;}\">\n\t\t\t\t<div class=\"elementor-element elementor-element-8d0cf11 elementor-widget elementor-widget-image\" data-id=\"8d0cf11\" data-element_type=\"widget\" data-e-type=\"widget\" data-widget_type=\"image.default\">\n\t\t\t\t<div class=\"elementor-widget-container\">\n\t\t\t\t\t\t\t\t\t\t\t\t\t\t\t<img loading=\"lazy\" decoding=\"async\" width=\"600\" height=\"400\" src=\"https:\/\/consultoria.apdigroup.com\/wp-content\/uploads\/2024\/05\/7.png\" class=\"attachment-large size-large wp-image-743\" alt=\"\" srcset=\"https:\/\/consultoria.apdigroup.com\/wp-content\/uploads\/2024\/05\/7.png 600w, https:\/\/consultoria.apdigroup.com\/wp-content\/uploads\/2024\/05\/7-300x200.png 300w\" sizes=\"(max-width: 600px) 100vw, 600px\" \/>\t\t\t\t\t\t\t\t\t\t\t\t\t\t\t<\/div>\n\t\t\t\t<\/div>\n\t\t\t\t<div class=\"elementor-element elementor-element-2c074cc elementor-widget elementor-widget-heading\" data-id=\"2c074cc\" data-element_type=\"widget\" data-e-type=\"widget\" data-widget_type=\"heading.default\">\n\t\t\t\t<div class=\"elementor-widget-container\">\n\t\t\t\t\t<h2 class=\"elementor-heading-title elementor-size-default\">DEAFSLI - Education and Training of Deaf Sign Language Interpreters<\/h2>\t\t\t\t<\/div>\n\t\t\t\t<\/div>\n\t\t\t\t<div class=\"elementor-element elementor-element-0e76d9c elementor-widget elementor-widget-text-editor\" data-id=\"0e76d9c\" data-element_type=\"widget\" data-e-type=\"widget\" data-widget_type=\"text-editor.default\">\n\t\t\t\t<div class=\"elementor-widget-container\">\n\t\t\t\t\t\t\t\t\t<p>The national associations of deaf people in Croatia and Lithuania represent more than 17,000 deaf and hard-of-hearing individuals. Through this project, both organizations aim to positively impact their organizational and educational environments. The project will expand activities that advocate for the rights of deaf people in innovative ways and enhance collaboration with institutions, sign language interpreters, disability rights organizations, and international partners.<\/p>\t\t\t\t\t\t\t\t<\/div>\n\t\t\t\t<\/div>\n\t\t\t\t<\/div>\n\t\t<div class=\"elementor-element elementor-element-84831c9 e-con-full e-flex e-con e-child\" data-id=\"84831c9\" data-element_type=\"container\" data-e-type=\"container\" data-settings=\"{&quot;background_background&quot;:&quot;classic&quot;}\">\n\t\t\t\t<div class=\"elementor-element elementor-element-651fed1 elementor-widget elementor-widget-image\" data-id=\"651fed1\" data-element_type=\"widget\" data-e-type=\"widget\" data-widget_type=\"image.default\">\n\t\t\t\t<div class=\"elementor-widget-container\">\n\t\t\t\t\t\t\t\t\t\t\t\t\t\t\t<img loading=\"lazy\" decoding=\"async\" width=\"600\" height=\"400\" src=\"https:\/\/consultoria.apdigroup.com\/wp-content\/uploads\/2024\/05\/4.png\" class=\"attachment-large size-large wp-image-729\" alt=\"\" srcset=\"https:\/\/consultoria.apdigroup.com\/wp-content\/uploads\/2024\/05\/4.png 600w, https:\/\/consultoria.apdigroup.com\/wp-content\/uploads\/2024\/05\/4-300x200.png 300w\" sizes=\"(max-width: 600px) 100vw, 600px\" \/>\t\t\t\t\t\t\t\t\t\t\t\t\t\t\t<\/div>\n\t\t\t\t<\/div>\n\t\t\t\t<div class=\"elementor-element elementor-element-a53d545 elementor-widget elementor-widget-heading\" data-id=\"a53d545\" data-element_type=\"widget\" data-e-type=\"widget\" data-widget_type=\"heading.default\">\n\t\t\t\t<div class=\"elementor-widget-container\">\n\t\t\t\t\t<h2 class=\"elementor-heading-title elementor-size-default\">IDISI - Integration of Diversity and Social Inclusion<\/h2>\t\t\t\t<\/div>\n\t\t\t\t<\/div>\n\t\t\t\t<div class=\"elementor-element elementor-element-0ba7888 elementor-widget elementor-widget-text-editor\" data-id=\"0ba7888\" data-element_type=\"widget\" data-e-type=\"widget\" data-widget_type=\"text-editor.default\">\n\t\t\t\t<div class=\"elementor-widget-container\">\n\t\t\t\t\t\t\t\t\t<p>The IDISI project aims to improve the skills of trainers and educators who support adult learners, especially those from disadvantaged backgrounds and with lower qualifications. It seeks to promote diversity and social inclusion through specialized training and enhance trainers&#039; digital skills. Furthermore, the project aims to improve the fundamental skills needed to adapt teaching methodologies to the cultural and linguistic diversity of the student body.<\/p>\t\t\t\t\t\t\t\t<\/div>\n\t\t\t\t<\/div>\n\t\t\t\t<\/div>\n\t\t<div class=\"elementor-element elementor-element-7d945ba e-con-full e-flex e-con e-child\" data-id=\"7d945ba\" data-element_type=\"container\" data-e-type=\"container\" data-settings=\"{&quot;background_background&quot;:&quot;classic&quot;}\">\n\t\t\t\t<div class=\"elementor-element elementor-element-4b1b187 elementor-widget elementor-widget-image\" data-id=\"4b1b187\" data-element_type=\"widget\" data-e-type=\"widget\" data-widget_type=\"image.default\">\n\t\t\t\t<div class=\"elementor-widget-container\">\n\t\t\t\t\t\t\t\t\t\t\t\t\t\t\t<img loading=\"lazy\" decoding=\"async\" width=\"600\" height=\"400\" src=\"https:\/\/consultoria.apdigroup.com\/wp-content\/uploads\/2024\/05\/9.png\" class=\"attachment-large size-large wp-image-745\" alt=\"\" srcset=\"https:\/\/consultoria.apdigroup.com\/wp-content\/uploads\/2024\/05\/9.png 600w, https:\/\/consultoria.apdigroup.com\/wp-content\/uploads\/2024\/05\/9-300x200.png 300w\" sizes=\"(max-width: 600px) 100vw, 600px\" \/>\t\t\t\t\t\t\t\t\t\t\t\t\t\t\t<\/div>\n\t\t\t\t<\/div>\n\t\t\t\t<div class=\"elementor-element elementor-element-12ebed7 elementor-widget elementor-widget-heading\" data-id=\"12ebed7\" data-element_type=\"widget\" data-e-type=\"widget\" data-widget_type=\"heading.default\">\n\t\t\t\t<div class=\"elementor-widget-container\">\n\t\t\t\t\t<h2 class=\"elementor-heading-title elementor-size-default\">ISAAC - International Students&#039; Action for Adapting Cross-Cultural Activities<\/h2>\t\t\t\t<\/div>\n\t\t\t\t<\/div>\n\t\t\t\t<div class=\"elementor-element elementor-element-fae4541 elementor-widget elementor-widget-text-editor\" data-id=\"fae4541\" data-element_type=\"widget\" data-e-type=\"widget\" data-widget_type=\"text-editor.default\">\n\t\t\t\t<div class=\"elementor-widget-container\">\n\t\t\t\t\t\t\t\t\t<p>The project&#039;s objective is to create a cooperation network and a support model for international students, along with useful tools to help them adapt to the new environment, in order to strengthen the international character of universities in countries less attractive to students, based on the experience of the more attractive countries.<\/p>\t\t\t\t\t\t\t\t<\/div>\n\t\t\t\t<\/div>\n\t\t\t\t<\/div>\n\t\t<div class=\"elementor-element elementor-element-0583b1d e-con-full e-flex e-con e-child\" data-id=\"0583b1d\" data-element_type=\"container\" data-e-type=\"container\" data-settings=\"{&quot;background_background&quot;:&quot;classic&quot;}\">\n\t\t\t\t<div class=\"elementor-element elementor-element-7442b71 elementor-widget elementor-widget-image\" data-id=\"7442b71\" data-element_type=\"widget\" data-e-type=\"widget\" data-widget_type=\"image.default\">\n\t\t\t\t<div class=\"elementor-widget-container\">\n\t\t\t\t\t\t\t\t\t\t\t\t\t\t\t<img loading=\"lazy\" decoding=\"async\" width=\"600\" height=\"400\" src=\"https:\/\/consultoria.apdigroup.com\/wp-content\/uploads\/2024\/05\/10.png\" class=\"attachment-large size-large wp-image-746\" alt=\"\" srcset=\"https:\/\/consultoria.apdigroup.com\/wp-content\/uploads\/2024\/05\/10.png 600w, https:\/\/consultoria.apdigroup.com\/wp-content\/uploads\/2024\/05\/10-300x200.png 300w\" sizes=\"(max-width: 600px) 100vw, 600px\" \/>\t\t\t\t\t\t\t\t\t\t\t\t\t\t\t<\/div>\n\t\t\t\t<\/div>\n\t\t\t\t<div class=\"elementor-element elementor-element-6cd115d elementor-widget elementor-widget-heading\" data-id=\"6cd115d\" data-element_type=\"widget\" data-e-type=\"widget\" data-widget_type=\"heading.default\">\n\t\t\t\t<div class=\"elementor-widget-container\">\n\t\t\t\t\t<h2 class=\"elementor-heading-title elementor-size-default\">L20S - Living the 20s<\/h2>\t\t\t\t<\/div>\n\t\t\t\t<\/div>\n\t\t\t\t<div class=\"elementor-element elementor-element-74da25d elementor-widget elementor-widget-text-editor\" data-id=\"74da25d\" data-element_type=\"widget\" data-e-type=\"widget\" data-widget_type=\"text-editor.default\">\n\t\t\t\t<div class=\"elementor-widget-container\">\n\t\t\t\t\t\t\t\t\t<p>This is the story of Clarita, Conchita, and Klarica. Three young people who share their past experiences to help us understand our present. Following their narratives, multicultural and intergenerational workshops will be created where young people and adults can reflect on and share their experiences of resilience, promote multiculturalism, and foster mutual respect.<\/p>\t\t\t\t\t\t\t\t<\/div>\n\t\t\t\t<\/div>\n\t\t\t\t<\/div>\n\t\t<div class=\"elementor-element elementor-element-e0fec09 e-con-full e-flex e-con e-child\" data-id=\"e0fec09\" data-element_type=\"container\" data-e-type=\"container\" data-settings=\"{&quot;background_background&quot;:&quot;classic&quot;}\">\n\t\t\t\t<div class=\"elementor-element elementor-element-342760a elementor-widget elementor-widget-image\" data-id=\"342760a\" data-element_type=\"widget\" data-e-type=\"widget\" data-widget_type=\"image.default\">\n\t\t\t\t<div class=\"elementor-widget-container\">\n\t\t\t\t\t\t\t\t\t\t\t\t\t\t\t<img loading=\"lazy\" decoding=\"async\" width=\"600\" height=\"400\" src=\"https:\/\/consultoria.apdigroup.com\/wp-content\/uploads\/2024\/05\/11.png\" class=\"attachment-large size-large wp-image-747\" alt=\"\" srcset=\"https:\/\/consultoria.apdigroup.com\/wp-content\/uploads\/2024\/05\/11.png 600w, https:\/\/consultoria.apdigroup.com\/wp-content\/uploads\/2024\/05\/11-300x200.png 300w\" sizes=\"(max-width: 600px) 100vw, 600px\" \/>\t\t\t\t\t\t\t\t\t\t\t\t\t\t\t<\/div>\n\t\t\t\t<\/div>\n\t\t\t\t<div class=\"elementor-element elementor-element-b557462 elementor-widget elementor-widget-heading\" data-id=\"b557462\" data-element_type=\"widget\" data-e-type=\"widget\" data-widget_type=\"heading.default\">\n\t\t\t\t<div class=\"elementor-widget-container\">\n\t\t\t\t\t<h2 class=\"elementor-heading-title elementor-size-default\">LOCAL LEADERSHIP - Local Leadership for European Rural and Small Cities<\/h2>\t\t\t\t<\/div>\n\t\t\t\t<\/div>\n\t\t\t\t<div class=\"elementor-element elementor-element-9ae6837 elementor-widget elementor-widget-text-editor\" data-id=\"9ae6837\" data-element_type=\"widget\" data-e-type=\"widget\" data-widget_type=\"text-editor.default\">\n\t\t\t\t<div class=\"elementor-widget-container\">\n\t\t\t\t\t\t\t\t\t<p>The project aims to train leaders in social innovation in rural communities to drive sustainable development, engaging local stakeholders and focusing on overcoming the effects of the COVID-19 pandemic. Four pilot programs will be implemented in different countries to develop tools that help define local policies to address crises and promote a sustainable future.<\/p>\t\t\t\t\t\t\t\t<\/div>\n\t\t\t\t<\/div>\n\t\t\t\t<\/div>\n\t\t<div class=\"elementor-element elementor-element-81ab895 e-con-full e-flex e-con e-child\" data-id=\"81ab895\" data-element_type=\"container\" data-e-type=\"container\" data-settings=\"{&quot;background_background&quot;:&quot;classic&quot;}\">\n\t\t\t\t<div class=\"elementor-element elementor-element-f89250b elementor-widget elementor-widget-image\" data-id=\"f89250b\" data-element_type=\"widget\" data-e-type=\"widget\" data-widget_type=\"image.default\">\n\t\t\t\t<div class=\"elementor-widget-container\">\n\t\t\t\t\t\t\t\t\t\t\t\t\t\t\t<img loading=\"lazy\" decoding=\"async\" width=\"600\" height=\"400\" src=\"https:\/\/consultoria.apdigroup.com\/wp-content\/uploads\/2024\/05\/trainingcourse.png\" class=\"attachment-large size-large wp-image-598\" alt=\"\" srcset=\"https:\/\/consultoria.apdigroup.com\/wp-content\/uploads\/2024\/05\/trainingcourse.png 600w, https:\/\/consultoria.apdigroup.com\/wp-content\/uploads\/2024\/05\/trainingcourse-300x200.png 300w\" sizes=\"(max-width: 600px) 100vw, 600px\" \/>\t\t\t\t\t\t\t\t\t\t\t\t\t\t\t<\/div>\n\t\t\t\t<\/div>\n\t\t\t\t<div class=\"elementor-element elementor-element-2b53705 elementor-widget elementor-widget-heading\" data-id=\"2b53705\" data-element_type=\"widget\" data-e-type=\"widget\" data-widget_type=\"heading.default\">\n\t\t\t\t<div class=\"elementor-widget-container\">\n\t\t\t\t\t<h2 class=\"elementor-heading-title elementor-size-default\">NATURE AND CULTURAL SPACE - Living Together in a Sustainable World<\/h2>\t\t\t\t<\/div>\n\t\t\t\t<\/div>\n\t\t\t\t<div class=\"elementor-element elementor-element-bc75405 elementor-widget elementor-widget-text-editor\" data-id=\"bc75405\" data-element_type=\"widget\" data-e-type=\"widget\" data-widget_type=\"text-editor.default\">\n\t\t\t\t<div class=\"elementor-widget-container\">\n\t\t\t\t\t\t\t\t\t<p>This project aims to introduce Education for Sustainable Development (ESD) to adult educators. The project will train teachers in new methods for incorporating ESD into their classes. They will learn the importance of ESD and how to address complex issues such as climate change and sustainability. The project seeks to empower teachers to educate their students about living more sustainably.<\/p>\t\t\t\t\t\t\t\t<\/div>\n\t\t\t\t<\/div>\n\t\t\t\t<\/div>\n\t\t<div class=\"elementor-element elementor-element-990df01 e-con-full e-flex e-con e-child\" data-id=\"990df01\" data-element_type=\"container\" data-e-type=\"container\" data-settings=\"{&quot;background_background&quot;:&quot;classic&quot;}\">\n\t\t\t\t<div class=\"elementor-element elementor-element-962a606 elementor-widget elementor-widget-image\" data-id=\"962a606\" data-element_type=\"widget\" data-e-type=\"widget\" data-widget_type=\"image.default\">\n\t\t\t\t<div class=\"elementor-widget-container\">\n\t\t\t\t\t\t\t\t\t\t\t\t\t\t\t<img loading=\"lazy\" decoding=\"async\" width=\"800\" height=\"534\" src=\"https:\/\/consultoria.apdigroup.com\/wp-content\/uploads\/2024\/03\/group-young-people-vr-glasses-doing-experiments-robotics-laboratory-robot-table.jpg\" class=\"attachment-large size-large wp-image-364\" alt=\"\" srcset=\"https:\/\/consultoria.apdigroup.com\/wp-content\/uploads\/2024\/03\/group-young-people-vr-glasses-doing-experiments-robotics-laboratory-robot-table.jpg 800w, https:\/\/consultoria.apdigroup.com\/wp-content\/uploads\/2024\/03\/group-young-people-vr-glasses-doing-experiments-robotics-laboratory-robot-table-300x200.jpg 300w, https:\/\/consultoria.apdigroup.com\/wp-content\/uploads\/2024\/03\/group-young-people-vr-glasses-doing-experiments-robotics-laboratory-robot-table-768x513.jpg 768w\" sizes=\"(max-width: 800px) 100vw, 800px\" \/>\t\t\t\t\t\t\t\t\t\t\t\t\t\t\t<\/div>\n\t\t\t\t<\/div>\n\t\t\t\t<div class=\"elementor-element elementor-element-3596180 elementor-widget elementor-widget-heading\" data-id=\"3596180\" data-element_type=\"widget\" data-e-type=\"widget\" data-widget_type=\"heading.default\">\n\t\t\t\t<div class=\"elementor-widget-container\">\n\t\t\t\t\t<h2 class=\"elementor-heading-title elementor-size-default\">CI.EC&amp;DG.SKILLS - Circular Economy &amp; Digital Skills<\/h2>\t\t\t\t<\/div>\n\t\t\t\t<\/div>\n\t\t\t\t<div class=\"elementor-element elementor-element-0045099 elementor-widget elementor-widget-text-editor\" data-id=\"0045099\" data-element_type=\"widget\" data-e-type=\"widget\" data-widget_type=\"text-editor.default\">\n\t\t\t\t<div class=\"elementor-widget-container\">\n\t\t\t\t\t\t\t\t\t<p>The project aims to integrate virtual and augmented reality into education to boost student engagement, reduce dropout rates, and promote inclusive learning, especially during crises such as pandemics. It also seeks to foster entrepreneurial skills, focusing on circular economy models. Through analysis, collaborative design, and testing, the project will develop a suite of digital tools for schools, improve digital literacy for teachers and students, and establish an intervention model for early school leaving, with an emphasis on innovation and inclusion.<\/p>\t\t\t\t\t\t\t\t<\/div>\n\t\t\t\t<\/div>\n\t\t\t\t<\/div>\n\t\t<div class=\"elementor-element elementor-element-3e39d98 e-con-full e-flex e-con e-child\" data-id=\"3e39d98\" data-element_type=\"container\" data-e-type=\"container\" data-settings=\"{&quot;background_background&quot;:&quot;classic&quot;}\">\n\t\t\t\t<div class=\"elementor-element elementor-element-8f47dc6 elementor-widget elementor-widget-image\" data-id=\"8f47dc6\" data-element_type=\"widget\" data-e-type=\"widget\" data-widget_type=\"image.default\">\n\t\t\t\t<div class=\"elementor-widget-container\">\n\t\t\t\t\t\t\t\t\t\t\t\t\t\t\t<img loading=\"lazy\" decoding=\"async\" width=\"600\" height=\"400\" src=\"https:\/\/consultoria.apdigroup.com\/wp-content\/uploads\/2024\/05\/12.png\" class=\"attachment-large size-large wp-image-748\" alt=\"\" srcset=\"https:\/\/consultoria.apdigroup.com\/wp-content\/uploads\/2024\/05\/12.png 600w, https:\/\/consultoria.apdigroup.com\/wp-content\/uploads\/2024\/05\/12-300x200.png 300w\" sizes=\"(max-width: 600px) 100vw, 600px\" \/>\t\t\t\t\t\t\t\t\t\t\t\t\t\t\t<\/div>\n\t\t\t\t<\/div>\n\t\t\t\t<div class=\"elementor-element elementor-element-8b9aaac elementor-widget elementor-widget-heading\" data-id=\"8b9aaac\" data-element_type=\"widget\" data-e-type=\"widget\" data-widget_type=\"heading.default\">\n\t\t\t\t<div class=\"elementor-widget-container\">\n\t\t\t\t\t<h2 class=\"elementor-heading-title elementor-size-default\">ROOTS - Building and Linking Roots<\/h2>\t\t\t\t<\/div>\n\t\t\t\t<\/div>\n\t\t\t\t<div class=\"elementor-element elementor-element-7256313 elementor-widget elementor-widget-text-editor\" data-id=\"7256313\" data-element_type=\"widget\" data-e-type=\"widget\" data-widget_type=\"text-editor.default\">\n\t\t\t\t<div class=\"elementor-widget-container\">\n\t\t\t\t\t\t\t\t\t<p>Through this project, we want young people to gain a deep understanding and appreciation of the diverse cultures of the participating countries, and to grasp the importance of a world where these cultures coexist and influence one another in shaping our current society. They will learn not only historical aspects but also specific elements we have acquired through art: in music (instrumentation and melodies), in dance (movement and character), in poetry (lyrics, rhymes, and words), and so on; all while developing their creativity.<\/p>\t\t\t\t\t\t\t\t<\/div>\n\t\t\t\t<\/div>\n\t\t\t\t<\/div>\n\t\t<div class=\"elementor-element elementor-element-f0fd4e1 e-con-full e-flex e-con e-child\" data-id=\"f0fd4e1\" data-element_type=\"container\" data-e-type=\"container\" data-settings=\"{&quot;background_background&quot;:&quot;classic&quot;}\">\n\t\t\t\t<div class=\"elementor-element elementor-element-1e07ef3 elementor-widget elementor-widget-image\" data-id=\"1e07ef3\" data-element_type=\"widget\" data-e-type=\"widget\" data-widget_type=\"image.default\">\n\t\t\t\t<div class=\"elementor-widget-container\">\n\t\t\t\t\t\t\t\t\t\t\t\t\t\t\t<img loading=\"lazy\" decoding=\"async\" width=\"600\" height=\"400\" src=\"https:\/\/consultoria.apdigroup.com\/wp-content\/uploads\/2024\/05\/13.png\" class=\"attachment-large size-large wp-image-749\" alt=\"\" srcset=\"https:\/\/consultoria.apdigroup.com\/wp-content\/uploads\/2024\/05\/13.png 600w, https:\/\/consultoria.apdigroup.com\/wp-content\/uploads\/2024\/05\/13-300x200.png 300w\" sizes=\"(max-width: 600px) 100vw, 600px\" \/>\t\t\t\t\t\t\t\t\t\t\t\t\t\t\t<\/div>\n\t\t\t\t<\/div>\n\t\t\t\t<div class=\"elementor-element elementor-element-36e1342 elementor-widget elementor-widget-heading\" data-id=\"36e1342\" data-element_type=\"widget\" data-e-type=\"widget\" data-widget_type=\"heading.default\">\n\t\t\t\t<div class=\"elementor-widget-container\">\n\t\t\t\t\t<h2 class=\"elementor-heading-title elementor-size-default\">SAFE ONLINE<\/h2>\t\t\t\t<\/div>\n\t\t\t\t<\/div>\n\t\t\t\t<div class=\"elementor-element elementor-element-f16551f elementor-widget elementor-widget-text-editor\" data-id=\"f16551f\" data-element_type=\"widget\" data-e-type=\"widget\" data-widget_type=\"text-editor.default\">\n\t\t\t\t<div class=\"elementor-widget-container\">\n\t\t\t\t\t\t\t\t\t<p>The main objective of the project is to raise awareness among young people about the dangers of careless internet and social media use. We will explore the problems the average user might encounter, the preventative measures they should take, and, in the worst-case scenario, how to resolve them. We will develop educational materials and activities for young people on digital safety, such as interactive workshops with innovative tools, comics, an escape room, and an urban game. We will also provide youth leaders with the tools they need to work with young people on digital safety.<\/p>\t\t\t\t\t\t\t\t<\/div>\n\t\t\t\t<\/div>\n\t\t\t\t<\/div>\n\t\t<div class=\"elementor-element elementor-element-922271a e-con-full e-flex e-con e-child\" data-id=\"922271a\" data-element_type=\"container\" data-e-type=\"container\" data-settings=\"{&quot;background_background&quot;:&quot;classic&quot;}\">\n\t\t\t\t<div class=\"elementor-element elementor-element-d240072 elementor-widget elementor-widget-image\" data-id=\"d240072\" data-element_type=\"widget\" data-e-type=\"widget\" data-widget_type=\"image.default\">\n\t\t\t\t<div class=\"elementor-widget-container\">\n\t\t\t\t\t\t\t\t\t\t\t\t\t\t\t<img loading=\"lazy\" decoding=\"async\" width=\"600\" height=\"400\" src=\"https:\/\/consultoria.apdigroup.com\/wp-content\/uploads\/2024\/05\/5.png\" class=\"attachment-large size-large wp-image-741\" alt=\"\" srcset=\"https:\/\/consultoria.apdigroup.com\/wp-content\/uploads\/2024\/05\/5.png 600w, https:\/\/consultoria.apdigroup.com\/wp-content\/uploads\/2024\/05\/5-300x200.png 300w\" sizes=\"(max-width: 600px) 100vw, 600px\" \/>\t\t\t\t\t\t\t\t\t\t\t\t\t\t\t<\/div>\n\t\t\t\t<\/div>\n\t\t\t\t<div class=\"elementor-element elementor-element-9d870b1 elementor-widget elementor-widget-heading\" data-id=\"9d870b1\" data-element_type=\"widget\" data-e-type=\"widget\" data-widget_type=\"heading.default\">\n\t\t\t\t<div class=\"elementor-widget-container\">\n\t\t\t\t\t<h2 class=\"elementor-heading-title elementor-size-default\">ENFORSE - English for Senior, Practicing English with Montessori Method<\/h2>\t\t\t\t<\/div>\n\t\t\t\t<\/div>\n\t\t\t\t<div class=\"elementor-element elementor-element-b5bd69d elementor-widget elementor-widget-text-editor\" data-id=\"b5bd69d\" data-element_type=\"widget\" data-e-type=\"widget\" data-widget_type=\"text-editor.default\">\n\t\t\t\t<div class=\"elementor-widget-container\">\n\t\t\t\t\t\t\t\t\t<p>This project aims to empower older adults in Europe by teaching them English using the Montessori method, enabling them to communicate across national borders. The &quot;EnForSe Corners&quot; will facilitate encounters between seniors from different countries, fostering cultural exchange and socialization through English.<\/p>\t\t\t\t\t\t\t\t<\/div>\n\t\t\t\t<\/div>\n\t\t\t\t<\/div>\n\t\t<div class=\"elementor-element elementor-element-ead5c6a e-con-full e-flex e-con e-child\" data-id=\"ead5c6a\" data-element_type=\"container\" data-e-type=\"container\" data-settings=\"{&quot;background_background&quot;:&quot;classic&quot;}\">\n\t\t\t\t<div class=\"elementor-element elementor-element-2e420be elementor-widget elementor-widget-image\" data-id=\"2e420be\" data-element_type=\"widget\" data-e-type=\"widget\" data-widget_type=\"image.default\">\n\t\t\t\t<div class=\"elementor-widget-container\">\n\t\t\t\t\t\t\t\t\t\t\t\t\t\t\t<img loading=\"lazy\" decoding=\"async\" width=\"600\" height=\"400\" src=\"https:\/\/consultoria.apdigroup.com\/wp-content\/uploads\/2024\/05\/15.png\" class=\"attachment-large size-large wp-image-751\" alt=\"\" srcset=\"https:\/\/consultoria.apdigroup.com\/wp-content\/uploads\/2024\/05\/15.png 600w, https:\/\/consultoria.apdigroup.com\/wp-content\/uploads\/2024\/05\/15-300x200.png 300w\" sizes=\"(max-width: 600px) 100vw, 600px\" \/>\t\t\t\t\t\t\t\t\t\t\t\t\t\t\t<\/div>\n\t\t\t\t<\/div>\n\t\t\t\t<div class=\"elementor-element elementor-element-c485395 elementor-widget elementor-widget-heading\" data-id=\"c485395\" data-element_type=\"widget\" data-e-type=\"widget\" data-widget_type=\"heading.default\">\n\t\t\t\t<div class=\"elementor-widget-container\">\n\t\t\t\t\t<h2 class=\"elementor-heading-title elementor-size-default\">SCOOPS - Smart &amp; Cooperative Skills<\/h2>\t\t\t\t<\/div>\n\t\t\t\t<\/div>\n\t\t\t\t<div class=\"elementor-element elementor-element-dd114cb elementor-widget elementor-widget-text-editor\" data-id=\"dd114cb\" data-element_type=\"widget\" data-e-type=\"widget\" data-widget_type=\"text-editor.default\">\n\t\t\t\t<div class=\"elementor-widget-container\">\n\t\t\t\t\t\t\t\t\t<p>The project proposal is based on the Commission Communication to the European Parliament, the Council, the European Economic and Social Committee and the Committee of the Regions, \u00abTackling early school leaving: A key contribution to the Europe 2020 Agenda.\u00bb The recent social and public health crisis caused by COVID-19 has had a major global impact, including on education.<\/p>\t\t\t\t\t\t\t\t<\/div>\n\t\t\t\t<\/div>\n\t\t\t\t<\/div>\n\t\t<div class=\"elementor-element elementor-element-2ce3e46 e-con-full e-flex e-con e-child\" data-id=\"2ce3e46\" data-element_type=\"container\" data-e-type=\"container\" data-settings=\"{&quot;background_background&quot;:&quot;classic&quot;}\">\n\t\t\t\t<div class=\"elementor-element elementor-element-26f237a elementor-widget elementor-widget-image\" data-id=\"26f237a\" data-element_type=\"widget\" data-e-type=\"widget\" data-widget_type=\"image.default\">\n\t\t\t\t<div class=\"elementor-widget-container\">\n\t\t\t\t\t\t\t\t\t\t\t\t\t\t\t<img loading=\"lazy\" decoding=\"async\" width=\"600\" height=\"400\" src=\"https:\/\/consultoria.apdigroup.com\/wp-content\/uploads\/2024\/05\/16.png\" class=\"attachment-large size-large wp-image-752\" alt=\"\" srcset=\"https:\/\/consultoria.apdigroup.com\/wp-content\/uploads\/2024\/05\/16.png 600w, https:\/\/consultoria.apdigroup.com\/wp-content\/uploads\/2024\/05\/16-300x200.png 300w\" sizes=\"(max-width: 600px) 100vw, 600px\" \/>\t\t\t\t\t\t\t\t\t\t\t\t\t\t\t<\/div>\n\t\t\t\t<\/div>\n\t\t\t\t<div class=\"elementor-element elementor-element-9e4a42c elementor-widget elementor-widget-heading\" data-id=\"9e4a42c\" data-element_type=\"widget\" data-e-type=\"widget\" data-widget_type=\"heading.default\">\n\t\t\t\t<div class=\"elementor-widget-container\">\n\t\t\t\t\t<h2 class=\"elementor-heading-title elementor-size-default\">SMARTHR - Clowning Entrepreneurs are Smarter<\/h2>\t\t\t\t<\/div>\n\t\t\t\t<\/div>\n\t\t\t\t<div class=\"elementor-element elementor-element-70d8d66 elementor-widget elementor-widget-text-editor\" data-id=\"70d8d66\" data-element_type=\"widget\" data-e-type=\"widget\" data-widget_type=\"text-editor.default\">\n\t\t\t\t<div class=\"elementor-widget-container\">\n\t\t\t\t\t\t\t\t\t<p>The SMARTHR project, through clowning, is aimed at people who want to be entrepreneurs and think socially. Here they will find support to develop and implement economically viable, socially effective, and ecologically sustainable solutions. We want to empower and connect people who want to take responsibility for society, our planet, and the future, to generate momentum with a lasting impact.<\/p>\t\t\t\t\t\t\t\t<\/div>\n\t\t\t\t<\/div>\n\t\t\t\t<\/div>\n\t\t<div class=\"elementor-element elementor-element-90c4baf e-con-full e-flex e-con e-child\" data-id=\"90c4baf\" data-element_type=\"container\" data-e-type=\"container\" data-settings=\"{&quot;background_background&quot;:&quot;classic&quot;}\">\n\t\t\t\t<div class=\"elementor-element elementor-element-e36d100 elementor-widget elementor-widget-image\" data-id=\"e36d100\" data-element_type=\"widget\" data-e-type=\"widget\" data-widget_type=\"image.default\">\n\t\t\t\t<div class=\"elementor-widget-container\">\n\t\t\t\t\t\t\t\t\t\t\t\t\t\t\t<img loading=\"lazy\" decoding=\"async\" width=\"600\" height=\"400\" src=\"https:\/\/consultoria.apdigroup.com\/wp-content\/uploads\/2024\/05\/17.png\" class=\"attachment-large size-large wp-image-753\" alt=\"\" srcset=\"https:\/\/consultoria.apdigroup.com\/wp-content\/uploads\/2024\/05\/17.png 600w, https:\/\/consultoria.apdigroup.com\/wp-content\/uploads\/2024\/05\/17-300x200.png 300w\" sizes=\"(max-width: 600px) 100vw, 600px\" \/>\t\t\t\t\t\t\t\t\t\t\t\t\t\t\t<\/div>\n\t\t\t\t<\/div>\n\t\t\t\t<div class=\"elementor-element elementor-element-3a35a26 elementor-widget elementor-widget-heading\" data-id=\"3a35a26\" data-element_type=\"widget\" data-e-type=\"widget\" data-widget_type=\"heading.default\">\n\t\t\t\t<div class=\"elementor-widget-container\">\n\t\t\t\t\t<h2 class=\"elementor-heading-title elementor-size-default\">THEATER FOR YOUTH- Theater of Legends - Theater for Youths<\/h2>\t\t\t\t<\/div>\n\t\t\t\t<\/div>\n\t\t\t\t<div class=\"elementor-element elementor-element-38e969d elementor-widget elementor-widget-text-editor\" data-id=\"38e969d\" data-element_type=\"widget\" data-e-type=\"widget\" data-widget_type=\"text-editor.default\">\n\t\t\t\t<div class=\"elementor-widget-container\">\n\t\t\t\t\t\t\t\t\t<p>The project aims to highlight theater as an educational tool, focusing on diversity and cultural respect through legends from different places. It also promotes inclusion and improves foreign language skills, using English as the common language in workshops and communications.<\/p>\t\t\t\t\t\t\t\t<\/div>\n\t\t\t\t<\/div>\n\t\t\t\t<\/div>\n\t\t<div class=\"elementor-element elementor-element-6c4dc15 e-con-full e-flex e-con e-child\" data-id=\"6c4dc15\" data-element_type=\"container\" data-e-type=\"container\" data-settings=\"{&quot;background_background&quot;:&quot;classic&quot;}\">\n\t\t\t\t<div class=\"elementor-element elementor-element-1a7e001 elementor-widget elementor-widget-image\" data-id=\"1a7e001\" data-element_type=\"widget\" data-e-type=\"widget\" data-widget_type=\"image.default\">\n\t\t\t\t<div class=\"elementor-widget-container\">\n\t\t\t\t\t\t\t\t\t\t\t\t\t\t\t<img loading=\"lazy\" decoding=\"async\" width=\"600\" height=\"400\" src=\"https:\/\/consultoria.apdigroup.com\/wp-content\/uploads\/2024\/05\/18.png\" class=\"attachment-large size-large wp-image-754\" alt=\"\" srcset=\"https:\/\/consultoria.apdigroup.com\/wp-content\/uploads\/2024\/05\/18.png 600w, https:\/\/consultoria.apdigroup.com\/wp-content\/uploads\/2024\/05\/18-300x200.png 300w\" sizes=\"(max-width: 600px) 100vw, 600px\" \/>\t\t\t\t\t\t\t\t\t\t\t\t\t\t\t<\/div>\n\t\t\t\t<\/div>\n\t\t\t\t<div class=\"elementor-element elementor-element-e44e2ee elementor-widget elementor-widget-heading\" data-id=\"e44e2ee\" data-element_type=\"widget\" data-e-type=\"widget\" data-widget_type=\"heading.default\">\n\t\t\t\t<div class=\"elementor-widget-container\">\n\t\t\t\t\t<h2 class=\"elementor-heading-title elementor-size-default\">URBAN IMPRINT - Connecting Universities and Local Governments to Implement Urban Agendas<\/h2>\t\t\t\t<\/div>\n\t\t\t\t<\/div>\n\t\t\t\t<div class=\"elementor-element elementor-element-2ac89c8 elementor-widget elementor-widget-text-editor\" data-id=\"2ac89c8\" data-element_type=\"widget\" data-e-type=\"widget\" data-widget_type=\"text-editor.default\">\n\t\t\t\t<div class=\"elementor-widget-container\">\n\t\t\t\t\t\t\t\t\t<p>Urban Imprint aims to build a more sustainable, smart, and resilient future for cities. To achieve this, we seek to connect universities with their surrounding communities, through municipalities, and establish a scientific-political dialogue that contributes to addressing urban challenges, especially in the areas of digital transformation and climate change.<\/p>\t\t\t\t\t\t\t\t<\/div>\n\t\t\t\t<\/div>\n\t\t\t\t<\/div>\n\t\t<div class=\"elementor-element elementor-element-08043f7 e-con-full e-flex e-con e-child\" data-id=\"08043f7\" data-element_type=\"container\" data-e-type=\"container\" data-settings=\"{&quot;background_background&quot;:&quot;classic&quot;}\">\n\t\t\t\t<div class=\"elementor-element elementor-element-5dbe6e0 elementor-widget elementor-widget-image\" data-id=\"5dbe6e0\" data-element_type=\"widget\" data-e-type=\"widget\" data-widget_type=\"image.default\">\n\t\t\t\t<div class=\"elementor-widget-container\">\n\t\t\t\t\t\t\t\t\t\t\t\t\t\t\t<img loading=\"lazy\" decoding=\"async\" width=\"600\" height=\"400\" src=\"https:\/\/consultoria.apdigroup.com\/wp-content\/uploads\/2024\/05\/26.png\" class=\"attachment-large size-large wp-image-762\" alt=\"\" srcset=\"https:\/\/consultoria.apdigroup.com\/wp-content\/uploads\/2024\/05\/26.png 600w, https:\/\/consultoria.apdigroup.com\/wp-content\/uploads\/2024\/05\/26-300x200.png 300w\" sizes=\"(max-width: 600px) 100vw, 600px\" \/>\t\t\t\t\t\t\t\t\t\t\t\t\t\t\t<\/div>\n\t\t\t\t<\/div>\n\t\t\t\t<div class=\"elementor-element elementor-element-104bae7 elementor-widget elementor-widget-heading\" data-id=\"104bae7\" data-element_type=\"widget\" data-e-type=\"widget\" data-widget_type=\"heading.default\">\n\t\t\t\t<div class=\"elementor-widget-container\">\n\t\t\t\t\t<h2 class=\"elementor-heading-title elementor-size-default\">Digitize - Government<\/h2>\t\t\t\t<\/div>\n\t\t\t\t<\/div>\n\t\t\t\t<div class=\"elementor-element elementor-element-e00ac2e elementor-widget elementor-widget-text-editor\" data-id=\"e00ac2e\" data-element_type=\"widget\" data-e-type=\"widget\" data-widget_type=\"text-editor.default\">\n\t\t\t\t<div class=\"elementor-widget-container\">\n\t\t\t\t\t\t\t\t\t<p>Aid for digital modernization and improved competitiveness for the self-employed and the social economy. In-kind support programs for advisory services and support for the digital transformation of Andalusian SMEs. Digitalization plan for SMEs: &quot;Digital Kit&quot;.<\/p>\t\t\t\t\t\t\t\t<\/div>\n\t\t\t\t<\/div>\n\t\t\t\t<\/div>\n\t\t<div class=\"elementor-element elementor-element-d589144 e-con-full e-flex e-con e-child\" data-id=\"d589144\" data-element_type=\"container\" data-e-type=\"container\" data-settings=\"{&quot;background_background&quot;:&quot;classic&quot;}\">\n\t\t\t\t<div class=\"elementor-element elementor-element-4ac9f4f elementor-widget elementor-widget-image\" data-id=\"4ac9f4f\" data-element_type=\"widget\" data-e-type=\"widget\" data-widget_type=\"image.default\">\n\t\t\t\t<div class=\"elementor-widget-container\">\n\t\t\t\t\t\t\t\t\t\t\t\t\t\t\t<img loading=\"lazy\" decoding=\"async\" width=\"600\" height=\"400\" src=\"https:\/\/consultoria.apdigroup.com\/wp-content\/uploads\/2024\/05\/20.png\" class=\"attachment-large size-large wp-image-756\" alt=\"\" srcset=\"https:\/\/consultoria.apdigroup.com\/wp-content\/uploads\/2024\/05\/20.png 600w, https:\/\/consultoria.apdigroup.com\/wp-content\/uploads\/2024\/05\/20-300x200.png 300w\" sizes=\"(max-width: 600px) 100vw, 600px\" \/>\t\t\t\t\t\t\t\t\t\t\t\t\t\t\t<\/div>\n\t\t\t\t<\/div>\n\t\t\t\t<div class=\"elementor-element elementor-element-e23a066 elementor-widget elementor-widget-heading\" data-id=\"e23a066\" data-element_type=\"widget\" data-e-type=\"widget\" data-widget_type=\"heading.default\">\n\t\t\t\t<div class=\"elementor-widget-container\">\n\t\t\t\t\t<h2 class=\"elementor-heading-title elementor-size-default\">XPANDE<\/h2>\t\t\t\t<\/div>\n\t\t\t\t<\/div>\n\t\t\t\t<div class=\"elementor-element elementor-element-4074807 elementor-widget elementor-widget-text-editor\" data-id=\"4074807\" data-element_type=\"widget\" data-e-type=\"widget\" data-widget_type=\"text-editor.default\">\n\t\t\t\t<div class=\"elementor-widget-container\">\n\t\t\t\t\t\t\t\t\t<p>The objective of this program is to support companies in increasing their exports, improving their presence in international markets, advancing in the diversification of target markets and in the sophistication of their exports, strengthening the company and revitalizing the Spanish export sector.<\/p>\t\t\t\t\t\t\t\t<\/div>\n\t\t\t\t<\/div>\n\t\t\t\t<\/div>\n\t\t<div class=\"elementor-element elementor-element-4973af0 e-con-full e-flex e-con e-child\" data-id=\"4973af0\" data-element_type=\"container\" data-e-type=\"container\" data-settings=\"{&quot;background_background&quot;:&quot;classic&quot;}\">\n\t\t\t\t<div class=\"elementor-element elementor-element-c0bbdb4 elementor-widget elementor-widget-image\" data-id=\"c0bbdb4\" data-element_type=\"widget\" data-e-type=\"widget\" data-widget_type=\"image.default\">\n\t\t\t\t<div class=\"elementor-widget-container\">\n\t\t\t\t\t\t\t\t\t\t\t\t\t\t\t<img loading=\"lazy\" decoding=\"async\" width=\"600\" height=\"400\" src=\"https:\/\/consultoria.apdigroup.com\/wp-content\/uploads\/2024\/05\/19.png\" class=\"attachment-large size-large wp-image-755\" alt=\"\" srcset=\"https:\/\/consultoria.apdigroup.com\/wp-content\/uploads\/2024\/05\/19.png 600w, https:\/\/consultoria.apdigroup.com\/wp-content\/uploads\/2024\/05\/19-300x200.png 300w\" sizes=\"(max-width: 600px) 100vw, 600px\" \/>\t\t\t\t\t\t\t\t\t\t\t\t\t\t\t<\/div>\n\t\t\t\t<\/div>\n\t\t\t\t<div class=\"elementor-element elementor-element-478c9bb elementor-widget elementor-widget-heading\" data-id=\"478c9bb\" data-element_type=\"widget\" data-e-type=\"widget\" data-widget_type=\"heading.default\">\n\t\t\t\t<div class=\"elementor-widget-container\">\n\t\t\t\t\t<h2 class=\"elementor-heading-title elementor-size-default\">VIRTUAL - Virtual e-learning for Adult Education<\/h2>\t\t\t\t<\/div>\n\t\t\t\t<\/div>\n\t\t\t\t<div class=\"elementor-element elementor-element-984b010 elementor-widget elementor-widget-text-editor\" data-id=\"984b010\" data-element_type=\"widget\" data-e-type=\"widget\" data-widget_type=\"text-editor.default\">\n\t\t\t\t<div class=\"elementor-widget-container\">\n\t\t\t\t\t\t\t\t\t<p>Our Virtual e-learning project for adult education (Virtual) has as its main objective the creation of vocational training content in interactive 3D environments in order to: Guarantee accessibility for all people by reducing geographical, socioeconomic and gender differences, create more accessible learning environments, and develop higher quality virtual environments.<\/p>\t\t\t\t\t\t\t\t<\/div>\n\t\t\t\t<\/div>\n\t\t\t\t<\/div>\n\t\t<div class=\"elementor-element elementor-element-81920e8 e-con-full e-flex e-con e-child\" data-id=\"81920e8\" data-element_type=\"container\" data-e-type=\"container\" data-settings=\"{&quot;background_background&quot;:&quot;classic&quot;}\">\n\t\t\t\t<div class=\"elementor-element elementor-element-c365016 elementor-widget elementor-widget-image\" data-id=\"c365016\" data-element_type=\"widget\" data-e-type=\"widget\" data-widget_type=\"image.default\">\n\t\t\t\t<div class=\"elementor-widget-container\">\n\t\t\t\t\t\t\t\t\t\t\t\t\t\t\t<img loading=\"lazy\" decoding=\"async\" width=\"600\" height=\"400\" src=\"https:\/\/consultoria.apdigroup.com\/wp-content\/uploads\/2024\/05\/14.png\" class=\"attachment-large size-large wp-image-750\" alt=\"\" srcset=\"https:\/\/consultoria.apdigroup.com\/wp-content\/uploads\/2024\/05\/14.png 600w, https:\/\/consultoria.apdigroup.com\/wp-content\/uploads\/2024\/05\/14-300x200.png 300w\" sizes=\"(max-width: 600px) 100vw, 600px\" \/>\t\t\t\t\t\t\t\t\t\t\t\t\t\t\t<\/div>\n\t\t\t\t<\/div>\n\t\t\t\t<div class=\"elementor-element elementor-element-ddca1ac elementor-widget elementor-widget-heading\" data-id=\"ddca1ac\" data-element_type=\"widget\" data-e-type=\"widget\" data-widget_type=\"heading.default\">\n\t\t\t\t<div class=\"elementor-widget-container\">\n\t\t\t\t\t<h2 class=\"elementor-heading-title elementor-size-default\">SENSED - Sensory Skills Education for Lifelong Learning Competencies<\/h2>\t\t\t\t<\/div>\n\t\t\t\t<\/div>\n\t\t\t\t<div class=\"elementor-element elementor-element-2f4f291 elementor-widget elementor-widget-text-editor\" data-id=\"2f4f291\" data-element_type=\"widget\" data-e-type=\"widget\" data-widget_type=\"text-editor.default\">\n\t\t\t\t<div class=\"elementor-widget-container\">\n\t\t\t\t\t\t\t\t\t<p>The SensEd project aims to demonstrate the importance of incorporating sensory skills into education (SSE) to improve learning for young people and adults. SSE is key to equipping young people and adults with lifelong learning skills, increasing their motivation, and directly engaging them with the world around them. SSE recognizes that effective learning encompasses multiple dimensions, such as the development of mental health, the improvement of motor and cognitive skills, and the holistic development of individuals.<\/p>\t\t\t\t\t\t\t\t<\/div>\n\t\t\t\t<\/div>\n\t\t\t\t<\/div>\n\t\t<div class=\"elementor-element elementor-element-a6d1d1b e-con-full e-flex e-con e-child\" data-id=\"a6d1d1b\" data-element_type=\"container\" data-e-type=\"container\" data-settings=\"{&quot;background_background&quot;:&quot;classic&quot;}\">\n\t\t\t\t<div class=\"elementor-element elementor-element-da9cd60 elementor-widget elementor-widget-image\" data-id=\"da9cd60\" data-element_type=\"widget\" data-e-type=\"widget\" data-widget_type=\"image.default\">\n\t\t\t\t<div class=\"elementor-widget-container\">\n\t\t\t\t\t\t\t\t\t\t\t\t\t\t\t<img loading=\"lazy\" decoding=\"async\" width=\"600\" height=\"400\" src=\"https:\/\/consultoria.apdigroup.com\/wp-content\/uploads\/2024\/05\/21.png\" class=\"attachment-large size-large wp-image-757\" alt=\"\" srcset=\"https:\/\/consultoria.apdigroup.com\/wp-content\/uploads\/2024\/05\/21.png 600w, https:\/\/consultoria.apdigroup.com\/wp-content\/uploads\/2024\/05\/21-300x200.png 300w\" sizes=\"(max-width: 600px) 100vw, 600px\" \/>\t\t\t\t\t\t\t\t\t\t\t\t\t\t\t<\/div>\n\t\t\t\t<\/div>\n\t\t\t\t<div class=\"elementor-element elementor-element-78c52f8 elementor-widget elementor-widget-heading\" data-id=\"78c52f8\" data-element_type=\"widget\" data-e-type=\"widget\" data-widget_type=\"heading.default\">\n\t\t\t\t<div class=\"elementor-widget-container\">\n\t\t\t\t\t<h2 class=\"elementor-heading-title elementor-size-default\">Xpande Digital<\/h2>\t\t\t\t<\/div>\n\t\t\t\t<\/div>\n\t\t\t\t<div class=\"elementor-element elementor-element-9d36830 elementor-widget elementor-widget-text-editor\" data-id=\"9d36830\" data-element_type=\"widget\" data-e-type=\"widget\" data-widget_type=\"text-editor.default\">\n\t\t\t\t<div class=\"elementor-widget-container\">\n\t\t\t\t\t\t\t\t\t<p>The main objective of this Program is to improve the internationalization processes of SMEs and their ability to operate in global digital environments, through the implementation of International Digital Marketing Action Plans, thus contributing to achieving a sustainable competitive position in the selected market.<\/p>\t\t\t\t\t\t\t\t<\/div>\n\t\t\t\t<\/div>\n\t\t\t\t<\/div>\n\t\t<div class=\"elementor-element elementor-element-feb7129 e-con-full e-flex e-con e-child\" data-id=\"feb7129\" data-element_type=\"container\" data-e-type=\"container\" data-settings=\"{&quot;background_background&quot;:&quot;classic&quot;}\">\n\t\t\t\t<div class=\"elementor-element elementor-element-ddecf94 elementor-widget elementor-widget-image\" data-id=\"ddecf94\" data-element_type=\"widget\" data-e-type=\"widget\" data-widget_type=\"image.default\">\n\t\t\t\t<div class=\"elementor-widget-container\">\n\t\t\t\t\t\t\t\t\t\t\t\t\t\t\t<img loading=\"lazy\" decoding=\"async\" width=\"600\" height=\"400\" src=\"https:\/\/consultoria.apdigroup.com\/wp-content\/uploads\/2024\/05\/28.png\" class=\"attachment-large size-large wp-image-764\" alt=\"\" srcset=\"https:\/\/consultoria.apdigroup.com\/wp-content\/uploads\/2024\/05\/28.png 600w, https:\/\/consultoria.apdigroup.com\/wp-content\/uploads\/2024\/05\/28-300x200.png 300w\" sizes=\"(max-width: 600px) 100vw, 600px\" \/>\t\t\t\t\t\t\t\t\t\t\t\t\t\t\t<\/div>\n\t\t\t\t<\/div>\n\t\t\t\t<div class=\"elementor-element elementor-element-82a624e elementor-widget elementor-widget-heading\" data-id=\"82a624e\" data-element_type=\"widget\" data-e-type=\"widget\" data-widget_type=\"heading.default\">\n\t\t\t\t<div class=\"elementor-widget-container\">\n\t\t\t\t\t<h2 class=\"elementor-heading-title elementor-size-default\">PRE 5000<\/h2>\t\t\t\t<\/div>\n\t\t\t\t<\/div>\n\t\t\t\t<div class=\"elementor-element elementor-element-7cd7fda elementor-widget elementor-widget-text-editor\" data-id=\"7cd7fda\" data-element_type=\"widget\" data-e-type=\"widget\" data-widget_type=\"text-editor.default\">\n\t\t\t\t<div class=\"elementor-widget-container\">\n\t\t\t\t\t\t\t\t\t<p>Incentives for carrying out energy rehabilitation actions in existing buildings, whether it be improvement of the thermal envelope, improvement of the thermal installations of heating, air conditioning, cooling, ventilation, domestic hot water and lighting installations.<\/p>\t\t\t\t\t\t\t\t<\/div>\n\t\t\t\t<\/div>\n\t\t\t\t<\/div>\n\t\t<div class=\"elementor-element elementor-element-d00b1e6 e-con-full e-flex e-con e-child\" data-id=\"d00b1e6\" data-element_type=\"container\" data-e-type=\"container\" data-settings=\"{&quot;background_background&quot;:&quot;classic&quot;}\">\n\t\t\t\t<div class=\"elementor-element elementor-element-6f6eea4 elementor-widget elementor-widget-image\" data-id=\"6f6eea4\" data-element_type=\"widget\" data-e-type=\"widget\" data-widget_type=\"image.default\">\n\t\t\t\t<div class=\"elementor-widget-container\">\n\t\t\t\t\t\t\t\t\t\t\t\t\t\t\t<img loading=\"lazy\" decoding=\"async\" width=\"600\" height=\"400\" src=\"https:\/\/consultoria.apdigroup.com\/wp-content\/uploads\/2024\/05\/22.png\" class=\"attachment-large size-large wp-image-758\" alt=\"\" srcset=\"https:\/\/consultoria.apdigroup.com\/wp-content\/uploads\/2024\/05\/22.png 600w, https:\/\/consultoria.apdigroup.com\/wp-content\/uploads\/2024\/05\/22-300x200.png 300w\" sizes=\"(max-width: 600px) 100vw, 600px\" \/>\t\t\t\t\t\t\t\t\t\t\t\t\t\t\t<\/div>\n\t\t\t\t<\/div>\n\t\t\t\t<div class=\"elementor-element elementor-element-30c6832 elementor-widget elementor-widget-heading\" data-id=\"30c6832\" data-element_type=\"widget\" data-e-type=\"widget\" data-widget_type=\"heading.default\">\n\t\t\t\t<div class=\"elementor-widget-container\">\n\t\t\t\t\t<h2 class=\"elementor-heading-title elementor-size-default\">ICT CAMERAS<\/h2>\t\t\t\t<\/div>\n\t\t\t\t<\/div>\n\t\t\t\t<div class=\"elementor-element elementor-element-83e0b8f elementor-widget elementor-widget-text-editor\" data-id=\"83e0b8f\" data-element_type=\"widget\" data-e-type=\"widget\" data-widget_type=\"text-editor.default\">\n\t\t\t\t<div class=\"elementor-widget-container\">\n\t\t\t\t\t\t\t\t\t<p>The objective of this Program is to promote the systematic incorporation of ICTs into the daily activities of SMEs as key competitive tools in their strategy, as well as to maximize the opportunities they offer to improve their productivity and competitiveness.<\/p>\t\t\t\t\t\t\t\t<\/div>\n\t\t\t\t<\/div>\n\t\t\t\t<\/div>\n\t\t<div class=\"elementor-element elementor-element-a7a8a76 e-con-full e-flex e-con e-child\" data-id=\"a7a8a76\" data-element_type=\"container\" data-e-type=\"container\" data-settings=\"{&quot;background_background&quot;:&quot;classic&quot;}\">\n\t\t\t\t<div class=\"elementor-element elementor-element-dda11af elementor-widget elementor-widget-image\" data-id=\"dda11af\" data-element_type=\"widget\" data-e-type=\"widget\" data-widget_type=\"image.default\">\n\t\t\t\t<div class=\"elementor-widget-container\">\n\t\t\t\t\t\t\t\t\t\t\t\t\t\t\t<img loading=\"lazy\" decoding=\"async\" width=\"800\" height=\"192\" src=\"https:\/\/consultoria.apdigroup.com\/wp-content\/uploads\/2025\/06\/EN_Funded_by_the_European_Union_RGB_POS-1024x246.png\" class=\"attachment-large size-large wp-image-987\" alt=\"\" srcset=\"https:\/\/consultoria.apdigroup.com\/wp-content\/uploads\/2025\/06\/EN_Funded_by_the_European_Union_RGB_POS-1024x246.png 1024w, https:\/\/consultoria.apdigroup.com\/wp-content\/uploads\/2025\/06\/EN_Funded_by_the_European_Union_RGB_POS-300x72.png 300w, https:\/\/consultoria.apdigroup.com\/wp-content\/uploads\/2025\/06\/EN_Funded_by_the_European_Union_RGB_POS-768x184.png 768w, https:\/\/consultoria.apdigroup.com\/wp-content\/uploads\/2025\/06\/EN_Funded_by_the_European_Union_RGB_POS-1536x368.png 1536w, https:\/\/consultoria.apdigroup.com\/wp-content\/uploads\/2025\/06\/EN_Funded_by_the_European_Union_RGB_POS-2048x491.png 2048w\" sizes=\"(max-width: 800px) 100vw, 800px\" \/>\t\t\t\t\t\t\t\t\t\t\t\t\t\t\t<\/div>\n\t\t\t\t<\/div>\n\t\t\t\t<div class=\"elementor-element elementor-element-43833ad elementor-widget elementor-widget-heading\" data-id=\"43833ad\" data-element_type=\"widget\" data-e-type=\"widget\" data-widget_type=\"heading.default\">\n\t\t\t\t<div class=\"elementor-widget-container\">\n\t\t\t\t\t<h2 class=\"elementor-heading-title elementor-size-default\">Attention to citizens in municipal offices<\/h2>\t\t\t\t<\/div>\n\t\t\t\t<\/div>\n\t\t\t\t<div class=\"elementor-element elementor-element-c01bfce elementor-widget elementor-widget-text-editor\" data-id=\"c01bfce\" data-element_type=\"widget\" data-e-type=\"widget\" data-widget_type=\"text-editor.default\">\n\t\t\t\t<div class=\"elementor-widget-container\">\n\t\t\t\t\t\t\t\t\t<p>Several municipal projects have been implemented, offering a range of subsidies aimed at improving quality of life and promoting sustainable practices in various sectors. These include grants for the renovation of homes and buildings to increase energy efficiency and universal accessibility. Self-consumption is also encouraged through the installation of renewable energy sources and renewable heating systems, as is the digitalization of businesses and the self-employed. In the area of mobility, the purchase of electric vehicles and the development of charging infrastructure are promoted. Furthermore, aid is offered to offset the additional energy costs for SMEs and the self-employed affected by exceptional increases in energy prices.<\/p>\t\t\t\t\t\t\t\t<\/div>\n\t\t\t\t<\/div>\n\t\t\t\t<\/div>\n\t\t<div class=\"elementor-element elementor-element-d9dda0b e-con-full e-flex e-con e-child\" data-id=\"d9dda0b\" data-element_type=\"container\" data-e-type=\"container\" data-settings=\"{&quot;background_background&quot;:&quot;classic&quot;}\">\n\t\t\t\t<div class=\"elementor-element elementor-element-4bb11ea elementor-widget elementor-widget-image\" data-id=\"4bb11ea\" data-element_type=\"widget\" data-e-type=\"widget\" data-widget_type=\"image.default\">\n\t\t\t\t<div class=\"elementor-widget-container\">\n\t\t\t\t\t\t\t\t\t\t\t\t\t\t\t<img loading=\"lazy\" decoding=\"async\" width=\"2048\" height=\"863\" src=\"https:\/\/consultoria.apdigroup.com\/wp-content\/uploads\/2025\/06\/IMAGOTIPO-POSITIVO-2048x863.png\" class=\"attachment-2048x2048 size-2048x2048 wp-image-1276\" alt=\"\" srcset=\"https:\/\/consultoria.apdigroup.com\/wp-content\/uploads\/2025\/06\/IMAGOTIPO-POSITIVO-2048x863.png 2048w, https:\/\/consultoria.apdigroup.com\/wp-content\/uploads\/2025\/06\/IMAGOTIPO-POSITIVO-300x126.png 300w, https:\/\/consultoria.apdigroup.com\/wp-content\/uploads\/2025\/06\/IMAGOTIPO-POSITIVO-1024x431.png 1024w, https:\/\/consultoria.apdigroup.com\/wp-content\/uploads\/2025\/06\/IMAGOTIPO-POSITIVO-768x323.png 768w, https:\/\/consultoria.apdigroup.com\/wp-content\/uploads\/2025\/06\/IMAGOTIPO-POSITIVO-1536x647.png 1536w\" sizes=\"(max-width: 2048px) 100vw, 2048px\" \/>\t\t\t\t\t\t\t\t\t\t\t\t\t\t\t<\/div>\n\t\t\t\t<\/div>\n\t\t\t\t<div class=\"elementor-element elementor-element-e14d60f elementor-widget elementor-widget-heading\" data-id=\"e14d60f\" data-element_type=\"widget\" data-e-type=\"widget\" data-widget_type=\"heading.default\">\n\t\t\t\t<div class=\"elementor-widget-container\">\n\t\t\t\t\t<h2 class=\"elementor-heading-title elementor-size-default\">ANFP - Analysis of the Training Needs of Human Resources in Administration<\/h2>\t\t\t\t<\/div>\n\t\t\t\t<\/div>\n\t\t\t\t<div class=\"elementor-element elementor-element-13aa2c4 elementor-widget elementor-widget-text-editor\" data-id=\"13aa2c4\" data-element_type=\"widget\" data-e-type=\"widget\" data-widget_type=\"text-editor.default\">\n\t\t\t\t<div class=\"elementor-widget-container\">\n\t\t\t\t\t\t\t\t\t<p>Training and related services to develop the digital skills of 30,000 civil servants and to develop the leadership and talent management skills in the context of new technologies and digital transformation of 2,500 senior civil servants.<\/p>\t\t\t\t\t\t\t\t<\/div>\n\t\t\t\t<\/div>\n\t\t\t\t<\/div>\n\t\t<div class=\"elementor-element elementor-element-c869d53 e-con-full e-flex e-con e-child\" data-id=\"c869d53\" data-element_type=\"container\" data-e-type=\"container\" data-settings=\"{&quot;background_background&quot;:&quot;classic&quot;}\">\n\t\t\t\t<div class=\"elementor-element elementor-element-400a733 elementor-widget elementor-widget-image\" data-id=\"400a733\" data-element_type=\"widget\" data-e-type=\"widget\" data-widget_type=\"image.default\">\n\t\t\t\t<div class=\"elementor-widget-container\">\n\t\t\t\t\t\t\t\t\t\t\t\t\t\t\t<img loading=\"lazy\" decoding=\"async\" width=\"600\" height=\"400\" src=\"https:\/\/consultoria.apdigroup.com\/wp-content\/uploads\/2024\/05\/25.png\" class=\"attachment-large size-large wp-image-761\" alt=\"\" srcset=\"https:\/\/consultoria.apdigroup.com\/wp-content\/uploads\/2024\/05\/25.png 600w, https:\/\/consultoria.apdigroup.com\/wp-content\/uploads\/2024\/05\/25-300x200.png 300w\" sizes=\"(max-width: 600px) 100vw, 600px\" \/>\t\t\t\t\t\t\t\t\t\t\t\t\t\t\t<\/div>\n\t\t\t\t<\/div>\n\t\t\t\t<div class=\"elementor-element elementor-element-e799634 elementor-widget elementor-widget-heading\" data-id=\"e799634\" data-element_type=\"widget\" data-e-type=\"widget\" data-widget_type=\"heading.default\">\n\t\t\t\t<div class=\"elementor-widget-container\">\n\t\t\t\t\t<h2 class=\"elementor-heading-title elementor-size-default\">SUBSIDIES TO BROADEN AND DIVERSIFY THE CULTURAL OFFER<\/h2>\t\t\t\t<\/div>\n\t\t\t\t<\/div>\n\t\t\t\t<div class=\"elementor-element elementor-element-517db56 elementor-widget elementor-widget-text-editor\" data-id=\"517db56\" data-element_type=\"widget\" data-e-type=\"widget\" data-widget_type=\"text-editor.default\">\n\t\t\t\t<div class=\"elementor-widget-container\">\n\t\t\t\t\t\t\t\t\t<p>Grants to expand and diversify the cultural offering in non-urban areas of Andalusia through the European Union&#039;s Next Generation EU Fund. The objective of these grants is to finance projects and activities aimed at promoting culture in non-urban areas, expanding the cultural offering in rural areas of Andalusia.<\/p>\t\t\t\t\t\t\t\t<\/div>\n\t\t\t\t<\/div>\n\t\t\t\t<\/div>\n\t\t<div class=\"elementor-element elementor-element-1adcd18 e-con-full e-flex e-con e-child\" data-id=\"1adcd18\" data-element_type=\"container\" data-e-type=\"container\" data-settings=\"{&quot;background_background&quot;:&quot;classic&quot;}\">\n\t\t\t\t<div class=\"elementor-element elementor-element-7b72c7f elementor-widget elementor-widget-image\" data-id=\"7b72c7f\" data-element_type=\"widget\" data-e-type=\"widget\" data-widget_type=\"image.default\">\n\t\t\t\t<div class=\"elementor-widget-container\">\n\t\t\t\t\t\t\t\t\t\t\t\t\t\t\t<img loading=\"lazy\" decoding=\"async\" width=\"600\" height=\"400\" src=\"https:\/\/consultoria.apdigroup.com\/wp-content\/uploads\/2024\/05\/27.png\" class=\"attachment-large size-large wp-image-763\" alt=\"\" srcset=\"https:\/\/consultoria.apdigroup.com\/wp-content\/uploads\/2024\/05\/27.png 600w, https:\/\/consultoria.apdigroup.com\/wp-content\/uploads\/2024\/05\/27-300x200.png 300w\" sizes=\"(max-width: 600px) 100vw, 600px\" \/>\t\t\t\t\t\t\t\t\t\t\t\t\t\t\t<\/div>\n\t\t\t\t<\/div>\n\t\t\t\t<div class=\"elementor-element elementor-element-8ded0fa elementor-widget elementor-widget-heading\" data-id=\"8ded0fa\" data-element_type=\"widget\" data-e-type=\"widget\" data-widget_type=\"heading.default\">\n\t\t\t\t<div class=\"elementor-widget-container\">\n\t\t\t\t\t<h2 class=\"elementor-heading-title elementor-size-default\">We work at Digital UGT<\/h2>\t\t\t\t<\/div>\n\t\t\t\t<\/div>\n\t\t\t\t<div class=\"elementor-element elementor-element-c588acd elementor-widget elementor-widget-text-editor\" data-id=\"c588acd\" data-element_type=\"widget\" data-e-type=\"widget\" data-widget_type=\"text-editor.default\">\n\t\t\t\t<div class=\"elementor-widget-container\">\n\t\t\t\t\t\t\t\t\t<p>This plan, framed within the EU&#039;s Recovery and Resilience Facility, aims to improve employability and modernize the business sector. The General Union of Workers (UGT) and the Ministry of Education are collaborating on digital skills training, with specific courses and a robust regional structure. The project focuses on training workers in digitalization, with specific objectives such as training 8,333 people and ensuring compliance with established legal and quality requirements.<\/p>\t\t\t\t\t\t\t\t<\/div>\n\t\t\t\t<\/div>\n\t\t\t\t<\/div>\n\t\t\t\t\t<\/div>\n\t\t\t\t<\/div>\n\t\t\t\t<\/div>","protected":false},"excerpt":{"rendered":"<p>PROYECTOS Lo que hemos hecho hasta ahora ARTTINO &#8211; Traditional Industry, New Opportunity Este proyecto pretende poner en valor la artesan\u00eda cer\u00e1mica tradicional mediante el fomento de la formaci\u00f3n profesional, las escuelas de arte espa\u00f1olas y la formaci\u00f3n ocupacional. Adem\u00e1s, se encarga de fomentar el trabajo en esta especialidad y preservar el patrimonio cultural europeo, [&hellip;]<\/p>\n","protected":false},"author":3,"featured_media":0,"parent":0,"menu_order":0,"comment_status":"closed","ping_status":"closed","template":"","meta":{"footnotes":""},"class_list":["post-482","page","type-page","status-publish","hentry"],"_links":{"self":[{"href":"https:\/\/consultoria.apdigroup.com\/en\/wp-json\/wp\/v2\/pages\/482","targetHints":{"allow":["GET"]}}],"collection":[{"href":"https:\/\/consultoria.apdigroup.com\/en\/wp-json\/wp\/v2\/pages"}],"about":[{"href":"https:\/\/consultoria.apdigroup.com\/en\/wp-json\/wp\/v2\/types\/page"}],"author":[{"embeddable":true,"href":"https:\/\/consultoria.apdigroup.com\/en\/wp-json\/wp\/v2\/users\/3"}],"replies":[{"embeddable":true,"href":"https:\/\/consultoria.apdigroup.com\/en\/wp-json\/wp\/v2\/comments?post=482"}],"version-history":[{"count":50,"href":"https:\/\/consultoria.apdigroup.com\/en\/wp-json\/wp\/v2\/pages\/482\/revisions"}],"predecessor-version":[{"id":1589,"href":"https:\/\/consultoria.apdigroup.com\/en\/wp-json\/wp\/v2\/pages\/482\/revisions\/1589"}],"wp:attachment":[{"href":"https:\/\/consultoria.apdigroup.com\/en\/wp-json\/wp\/v2\/media?parent=482"}],"curies":[{"name":"wp","href":"https:\/\/api.w.org\/{rel}","templated":true}]}}